{"id":17,"date":"2010-09-06T13:58:06","date_gmt":"2010-09-06T13:58:06","guid":{"rendered":"http:\/\/vefir.hi.is\/fum\/?page_id=17"},"modified":"2026-04-17T15:59:12","modified_gmt":"2026-04-17T15:59:12","slug":"log","status":"publish","type":"page","link":"https:\/\/fum.is\/?page_id=17","title":{"rendered":"L\u00f6g"},"content":{"rendered":"<p class=\"p1\" style=\"text-align: center;\"><strong>L\u00f6g F\u00e9lags um menntaranns\u00f3knir<\/strong><\/p>\n<p class=\"p2\"><strong>1. grein &#8211; Nafn og a\u00f0setur<\/strong><\/p>\n<p class=\"p2\">Heiti f\u00e9lagsins er <strong>F\u00e9lag um menntaranns\u00f3knir<\/strong>, skammstafa\u00f0 <strong>FUM<\/strong>. \u00c1 ensku yr\u00f0i nafni\u00f0 Icelandic <strong>Educational Research Association (IERA)<\/strong>. A\u00f0 jafna\u00f0i er a\u00f0setur f\u00e9lagsins \u00e1 vinnusta\u00f0 formanns stj\u00f3rnarinnar og er netfang f\u00e9lagsins tilgreint \u00e1 heimas\u00ed\u00f0u \u00feess.<\/p>\n<p class=\"p2\"><strong>2. grein &#8211; Markmi\u00f0<\/strong><\/p>\n<p class=\"p2\">Markmi\u00f0 f\u00e9lagsins er a\u00f0 efla ranns\u00f3knir og \u00fer\u00f3unarstarf \u00e1 svi\u00f0i menntunar \u00e1 \u00cdslandi me\u00f0 \u00e1herslu \u00e1 sj\u00e1lfb\u00e6rni, n\u00fdsk\u00f6pun og stafr\u00e6na \u00fer\u00f3un. F\u00e9lagi\u00f0 skal skapa vettvang fyrir \u00feverfaglegar ranns\u00f3knir og stu\u00f0la a\u00f0 samvinnu vi\u00f0 innlend og al\u00fej\u00f3\u00f0leg samt\u00f6k sem sinna menntam\u00e1lum.<\/p>\n<p class=\"p2\"><strong>3. grein &#8211; Starfsemi<\/strong><\/p>\n<p class=\"p2\">Uppl\u00fdsingum til f\u00e9lagsmanna skal mi\u00f0la\u00f0 gegnum vefs\u00ed\u00f0u f\u00e9lagsins og samf\u00e9lagsmi\u00f0la. \u00c1 \u00feessum vettvangi skal bo\u00f0a til funda, tilkynna um fr\u00e6\u00f0slufundi, r\u00e1\u00f0stefnur og m\u00e1l\u00feing, auk \u00feess a\u00f0 vekja athygli \u00e1 menntaranns\u00f3knum.<\/p>\n<p class=\"p2\"><strong>4. grein &#8211; F\u00e9lagsa\u00f0ild<\/strong><\/p>\n<p class=\"p2\">A\u00f0ild a\u00f0 f\u00e9laginu geta \u00e1tt einstaklingar sem \u00e1huga hafa \u00e1 ranns\u00f3knum og \u00fer\u00f3unarstarfi \u00ed menntam\u00e1lum.<\/p>\n<p class=\"p2\"><strong>5. grein &#8211; F\u00e9lagsgj\u00f6ld og fj\u00e1rm\u00e1l<\/strong><\/p>\n<p class=\"p2\">F\u00e9lagsgj\u00f6ld skulu \u00e1kve\u00f0in \u00e1 a\u00f0alfundi. Starfs- og reiknings\u00e1r f\u00e9lagsins er almanaks\u00e1ri\u00f0. F\u00e9lagsgj\u00f6ld skulu innheimt fyrir 1. n\u00f3vember \u00e1r hvert. Forma\u00f0ur f\u00e9lagsins annast fj\u00e1rrei\u00f0ur f\u00e9lagsins \u00ed samr\u00e1\u00f0i vi\u00f0 gjaldkera \u00feess. Endursko\u00f0a\u00f0a reikninga f\u00e9lagsins skal leggja fyrir a\u00f0alfund til sam\u00feykktar.<\/p>\n<p class=\"p2\"><strong>6. grein &#8211; Stj\u00f3rnskipulag<\/strong><\/p>\n<p class=\"p2\">A\u00f0alfundur fer me\u00f0 \u00e6\u00f0sta vald \u00ed m\u00e1lefnum f\u00e9lagsins. Fundurinn k\u00fds f\u00e9laginu stj\u00f3rn sem annast m\u00e1lefni \u00feess milli a\u00f0alfunda. A\u00f0alfundur k\u00fds tvo sko\u00f0unarmenn reikninga f\u00e9lagsins. Stj\u00f3rn f\u00e9lagsins skipar starfsnefndir eftir \u00fev\u00ed sem h\u00fan telur \u00e1st\u00e6\u00f0u til.<\/p>\n<p class=\"p2\"><strong>7. grein &#8211; F\u00e9lagsstj\u00f3rn<\/strong><\/p>\n<p class=\"p2\">Stj\u00f3rn f\u00e9lagsins skipa sex menn, allir kj\u00f6rnir til tveggja \u00e1ra. Einnig eru tveir varamenn kosnir. Kj\u00f3sa skal formann s\u00e9rstaklega en a\u00f0 \u00f6\u00f0ru leyti skiptir stj\u00f3rnin sj\u00e1lf me\u00f0 s\u00e9r verkum og k\u00fds varaformann, ritara og gjaldkera.. Falli atkv\u00e6\u00f0i j\u00f6fn \u00e1 stj\u00f3rnarfundum r\u00e6\u00f0ur atkv\u00e6\u00f0i formanns.<\/p>\n<p class=\"p2\">H\u00e6tti stj\u00f3rnarma\u00f0ur \u00ed f\u00e9laginu \u00e1 kj\u00f6rt\u00edmabilinu skal varama\u00f0ur taka s\u00e6ti hans til n\u00e6sta a\u00f0alfundar, en \u00fe\u00e1 skal kj\u00f3sa stj\u00f3rnarmann \u00ed sta\u00f0 hans til loka kj\u00f6rt\u00edmabils hans.<\/p>\n<p class=\"p2\">Till\u00f6gur um stj\u00f3rnarmenn skulu sendar stj\u00f3rninni eigi s\u00ed\u00f0ar en \u00feremur d\u00f6gum fyrir a\u00f0alfund.<\/p>\n<p class=\"p2\">Stj\u00f3rn skal \u00ed upphafi starfs\u00e1rs setja s\u00e9r starfs\u00e1\u00e6tlun \u00ed samr\u00e6mi vi\u00f0 markmi\u00f0 f\u00e9lagsins.<\/p>\n<p class=\"p2\">Starfs\u00e1\u00e6tlunina skal birta \u00e1 heimas\u00ed\u00f0u f\u00e9lagsins.<\/p>\n<p class=\"p2\"><strong>8. grein &#8211; A\u00f0alfundur<\/strong><\/p>\n<p class=\"p2\">A\u00f0alfund skal halda eigi s\u00ed\u00f0ar en 15. mars \u00e1r hvert og skal bo\u00f0a hann me\u00f0 g\u00f3\u00f0um fyrirvara.<\/p>\n<p class=\"p2\">Dagskr\u00e1 a\u00f0alfundar er eftirfarandi:<\/p>\n<p class=\"p2\">\u2022 Sk\u00fdrsla stj\u00f3rnar<\/p>\n<p class=\"p2\">\u2022 Sk\u00fdrslur nefnda og starfsh\u00f3pa eftir \u00fev\u00ed sem vi\u00f0 \u00e1<\/p>\n<p class=\"p2\">\u2022 Reikningar f\u00e9lagsins<\/p>\n<p class=\"p2\">\u2022 Lagabreytingar<\/p>\n<p class=\"p2\">\u2022 \u00c1kv\u00f6r\u00f0un f\u00e9lagsgjalda<\/p>\n<p class=\"p2\">\u2022 Stj\u00f3rnarkj\u00f6r<\/p>\n<p class=\"p2\">\u2022 Kosning tveggja sko\u00f0unarmanna reikninga<\/p>\n<p class=\"p2\">\u2022 Nefndakj\u00f6r<\/p>\n<p class=\"p2\">\u2022 \u00d6nnur m\u00e1l<\/p>\n<p class=\"p2\">Kosi\u00f0 skal skriflega s\u00e9 \u00feess \u00f3ska\u00f0. \u00c1 a\u00f0alfundi r\u00e6\u00f0ur einfaldur meirihluti atkv\u00e6\u00f0a. A\u00f0alfundur telst l\u00f6glegur s\u00e9 l\u00f6glega til hans bo\u00f0a\u00f0.<\/p>\n<p class=\"p2\"><strong>9. grein &#8211; F\u00e9lagsfundur<\/strong><\/p>\n<p class=\"p2\">Almenna f\u00e9lagsfundi skal stj\u00f3rnin halda um f\u00e9lagsm\u00e1lefni \u00feegar \u00e1st\u00e6\u00f0a \u00feykir til. Til f\u00e9lagsfunda skal bo\u00f0a me\u00f0 tilkynningu til f\u00e9lagsmanna e\u00f0a augl\u00fdsingu.<\/p>\n<p class=\"p2\"><strong>10. grein &#8211; Aukaa\u00f0alfundur<\/strong><\/p>\n<p class=\"p2\">Til aukaa\u00f0alfundar skal bo\u00f0a\u00f0 \u00feegar stj\u00f3rn f\u00e9lagsins \u00feykir \u00e1st\u00e6\u00f0a til e\u00f0a \u00feegar a.m.k. 50 f\u00e9lagsmenn \u00f3ska \u00feess skriflega. \u00c1 sl\u00edkum fundi skal fjalla\u00f0 um st\u00f6rf stj\u00f3rnar og\/e\u00f0a nefnda f\u00e9lagsins sem annars v\u00e6ri fjalla\u00f0 um \u00e1 reglulegum a\u00f0alfundi f\u00e9lagsins. Til aukaa\u00f0alfundar skal bo\u00f0a\u00f0 me\u00f0 sama h\u00e6tti og til a\u00f0alfundar. \u00cd fundarbo\u00f0i skal geta \u00feess umr\u00e6\u00f0uefnis sem teki\u00f0 skal fyrir \u00e1 fundinum. Aukaa\u00f0alfundur telst l\u00f6glegur s\u00e9 l\u00f6glega til hans bo\u00f0a\u00f0. \u00c1 aukaa\u00f0alfundi skulu a\u00f0eins r\u00e6dd og tekin til umfj\u00f6llunar \u00feau m\u00e1l sem fram koma \u00ed fundarbo\u00f0i.<\/p>\n<p class=\"p2\"><strong>11. grein &#8211; Breytingar \u00e1 l\u00f6gum<\/strong><\/p>\n<p class=\"p2\">Till\u00f6gur um breytingar \u00e1 l\u00f6gum skal senda stj\u00f3rn f\u00e9lagsins fyrir lok starfs\u00e1rs og skulu \u00fe\u00e6r lag\u00f0ar fyrir n\u00e6sta a\u00f0alfund. Fram komnar till\u00f6gur og\/e\u00f0a till\u00f6gur stj\u00f3rnar til breytinga \u00e1 l\u00f6gum skulu kynntar f\u00e9lagsm\u00f6nnum \u00ed fundarbo\u00f0i. Breyting \u00e1 l\u00f6gum \u00f6\u00f0last ekki gildi nema h\u00fan s\u00e9 sam\u00feykkt me\u00f0 minnst 2\/3 hlutum greiddra atkv\u00e6\u00f0a fundarmanna \u00e1 l\u00f6glega bo\u00f0u\u00f0um a\u00f0alfundi.<\/p>\n<p class=\"p2\"><strong>12. grein &#8211; F\u00e9lagsslit<\/strong><\/p>\n<p class=\"p2\">A\u00f0alfundur einn getur sliti\u00f0 f\u00e9laginu. Me\u00f0 till\u00f6gu um f\u00e9lagsslit skal fari\u00f0 sem um breytingu \u00e1 f\u00e9lagssam\u00feykktum v\u00e6ri a\u00f0 r\u00e6\u00f0a. Vi\u00f0 f\u00e9lagsslit skal eignum f\u00e9lagsins r\u00e1\u00f0stafa\u00f0 \u00ed samr\u00e6mi vi\u00f0 markmi\u00f0 f\u00e9lagsins.<\/p>\n<p class=\"p2\"><em>\u00deannig sam\u00feykkt \u00e1 a\u00f0alfundi FUM 20. febr\u00faar 2002.<\/em><\/p>\n<p class=\"p2\"><em>Breytingatill\u00f6gur lag\u00f0ar fram \u00e1 a\u00f0alfundi FUM 11. mars 2025 og sam\u00feykktar.<\/em><\/p>\n","protected":false},"excerpt":{"rendered":"<p>L\u00f6g F\u00e9lags um menntaranns\u00f3knir 1. grein &#8211; Nafn og a\u00f0setur Heiti f\u00e9lagsins er F\u00e9lag um menntaranns\u00f3knir, skammstafa\u00f0 FUM. \u00c1 ensku yr\u00f0i nafni\u00f0 Icelandic Educational Research Association (IERA). A\u00f0 jafna\u00f0i er a\u00f0setur f\u00e9lagsins \u00e1 vinnusta\u00f0 formanns stj\u00f3rnarinnar og er netfang f\u00e9lagsins tilgreint \u00e1 heimas\u00ed\u00f0u \u00feess. 2. grein &#8211; Markmi\u00f0 Markmi\u00f0 f\u00e9lagsins er a\u00f0 efla ranns\u00f3knir og [&hellip;]<\/p>\n","protected":false},"author":1,"featured_media":0,"parent":624,"menu_order":3,"comment_status":"closed","ping_status":"closed","template":"","meta":{"footnotes":""},"categories":[],"tags":[],"class_list":["post-17","page","type-page","status-publish","hentry"],"_links":{"self":[{"href":"https:\/\/fum.is\/index.php?rest_route=\/wp\/v2\/pages\/17","targetHints":{"allow":["GET"]}}],"collection":[{"href":"https:\/\/fum.is\/index.php?rest_route=\/wp\/v2\/pages"}],"about":[{"href":"https:\/\/fum.is\/index.php?rest_route=\/wp\/v2\/types\/page"}],"author":[{"embeddable":true,"href":"https:\/\/fum.is\/index.php?rest_route=\/wp\/v2\/users\/1"}],"replies":[{"embeddable":true,"href":"https:\/\/fum.is\/index.php?rest_route=%2Fwp%2Fv2%2Fcomments&post=17"}],"version-history":[{"count":1,"href":"https:\/\/fum.is\/index.php?rest_route=\/wp\/v2\/pages\/17\/revisions"}],"predecessor-version":[{"id":1702,"href":"https:\/\/fum.is\/index.php?rest_route=\/wp\/v2\/pages\/17\/revisions\/1702"}],"up":[{"embeddable":true,"href":"https:\/\/fum.is\/index.php?rest_route=\/wp\/v2\/pages\/624"}],"wp:attachment":[{"href":"https:\/\/fum.is\/index.php?rest_route=%2Fwp%2Fv2%2Fmedia&parent=17"}],"wp:term":[{"taxonomy":"category","embeddable":true,"href":"https:\/\/fum.is\/index.php?rest_route=%2Fwp%2Fv2%2Fcategories&post=17"},{"taxonomy":"post_tag","embeddable":true,"href":"https:\/\/fum.is\/index.php?rest_route=%2Fwp%2Fv2%2Ftags&post=17"}],"curies":[{"name":"wp","href":"https:\/\/api.w.org\/{rel}","templated":true}]}}