{"id":267,"date":"2010-11-01T12:21:25","date_gmt":"2010-11-01T12:21:25","guid":{"rendered":"http:\/\/vefir.hi.is\/fum\/?page_id=267"},"modified":"2026-04-17T16:05:28","modified_gmt":"2026-04-17T16:05:28","slug":"fundarger%c3%b0ir","status":"publish","type":"page","link":"https:\/\/fum.is\/?page_id=267","title":{"rendered":"Fundarger\u00f0ir"},"content":{"rendered":"<p>H\u00e9r eru fundarger\u00f0ir f\u00e9lagsins birtar. \u00de\u00e6r n\u00fdjust \u00e1 \u00feessari s\u00ed\u00f0u en eldri fundarger\u00f0ir eru flokka\u00f0ar ni\u00f0ur eftir \u00e1rum. \u00de\u00e6r finnast undir kr\u00e6kjunni\u00a0FUM | fundarger\u00f0ir | \u00e1rtal \u00a0h\u00e9r a\u00f0 ofan.<\/p>\n<p><strong>2025-2026<\/strong><\/p>\n<p><a href=\"https:\/\/fum.is\/wp-content\/uploads\/2026\/04\/Fundargerd-adalfundur-Felags-um-menntarannsoknir-2026.pdf\">A\u00f0alfundur 16. mars 2026<\/a><\/p>\n<p><strong>2022-2024<\/strong><\/p>\n<p><a href=\"https:\/\/fum.is\/wp-content\/uploads\/2024\/04\/Fundargerd_adalfundur-FUM_april-2024.pdf\">A\u00f0alfundur 4. apr\u00edl 2024<\/a><\/p>\n<p><a href=\"https:\/\/fum.is\/wp-content\/uploads\/2024\/01\/FUM-Fundur-12.12.23-1.pdf\">Fundur stj\u00f3rnar 12. desember 2023<\/a><\/p>\n<p><a href=\"https:\/\/fum.is\/wp-content\/uploads\/2024\/01\/Fundargerdstjornar-FUM-120923.pdf\">Fundur stj\u00f3rnar 12. september 2023<\/a><\/p>\n<p><a href=\"https:\/\/fum.is\/wp-content\/uploads\/2024\/01\/Fundargerd-stjornar-FUM-100223.pdf\">Fundur stj\u00f3rnar 10. febr\u00faar 2023<\/a><\/p>\n<p><a href=\"https:\/\/fum.is\/wp-content\/uploads\/2024\/01\/Fundargerd_Radstefna_um_Starfendarannsoknir-2312023.pdf\">Fundur um r\u00e1\u00f0stefnu um starfendaranns\u00f3knir 23. jan\u00faar 2023<\/a><\/p>\n<p><a href=\"https:\/\/fum.is\/wp-content\/uploads\/2024\/01\/Fundargerd-stjornar-130123.pdf\">Fundur stj\u00f3rnar 13. jan\u00faar 2023<\/a><\/p>\n<p><a href=\"https:\/\/fum.is\/wp-content\/uploads\/2023\/02\/Adalfundur-FUM-2022.pdf\">A\u00f0alfundur 6. okt\u00f3ber 2022<\/a><\/p>\n<p><strong>2019-2020<\/strong><\/p>\n<p><a href=\"https:\/\/fum.is\/wp-content\/uploads\/2020\/11\/fundarger\u00f0-a\u00f0alfundar-30jan-2020.pdf\" target=\"_blank\" rel=\"noopener\">A\u00f0alfundur 30. jan\u00faar 2020<\/a><\/p>\n<p><a href=\"https:\/\/fum.is\/wp-content\/uploads\/2020\/11\/Sk\u00fdrsla-stj\u00f3rnar-2018-2019.pdf\" target=\"_blank\" rel=\"noopener\">Sk\u00fdrsla stj\u00f3rnar 2018-2019<\/a><\/p>\n<p>Fundur stj\u00f3rnar <a href=\"https:\/\/fum.is\/wp-content\/uploads\/2020\/11\/fundarger\u00f0-24-sept-2019.pdf\" target=\"_blank\" rel=\"noopener\">24. september<\/a> 2019<\/p>\n<p><strong>2018<br \/>\n<\/strong><\/p>\n<p><span style=\"color: #888888;\"><span style=\"color: #888888;\"><a href=\"https:\/\/fum.is\/wp-content\/uploads\/2018\/04\/FUM-a\u00f0alfundur-24feb2018.pdf\" target=\"_blank\" rel=\"noopener\">A\u00f0alfundur 24. febr\u00faar 2018<\/a><br \/>\n<\/span><\/span><span style=\"color: #888888;\"><span style=\"color: #888888;\"><a href=\"https:\/\/fum.is\/wp-content\/uploads\/2024\/03\/Skyrsla-stjornar-2018.pdf\">Sk\u00fdrsla stj\u00f3rnar 2017-2018<\/a><br \/>\n<a href=\"https:\/\/fum.is\/wp-content\/uploads\/2018\/02\/FUM-fundarger\u00f0-12-jan\u00faar-2018.pdf\" target=\"_blank\" rel=\"noopener\">Fundur stj\u00f3rnar 12. jan\u00faar 2018<\/a><\/span><\/span><\/p>\n<p><a href=\"https:\/\/fum.is\/wp-content\/uploads\/2018\/02\/FUM-fundarger\u00f0-12-jan\u00faar-2018.pdf\" target=\"_blank\" rel=\"noopener\"><strong>2017<br \/>\n<\/strong><\/a><br \/>\n<a href=\"https:\/\/fum.is\/wp-content\/uploads\/2018\/02\/FUM-fundarger\u00f0-v-r\u00e1\u00f0stefnu-10-okt-2017.pdf\" target=\"_blank\" rel=\"noopener\">Fundur stj\u00f3rnar 10. okt\u00f3ber 2017<br \/>\n<\/a><a href=\"https:\/\/fum.is\/wp-content\/uploads\/2018\/02\/undirbuningsfundur-radstefnu-28_9_2017.pdf\" target=\"_blank\" rel=\"noopener\">Fundur undirb\u00faningsh\u00f3ps v r\u00e1\u00f0stefnu<br \/>\n<\/a> <a href=\"https:\/\/fum.is\/wp-content\/uploads\/2010\/11\/FUM-fundarger\u00f0-fundar-10-apr\u00edl-2017.pdf\" target=\"_blank\" rel=\"noopener\">Fundur stj\u00f3rnar 10. apr\u00edl 2017<\/a><\/p>\n<p><a style=\"font-size: 14px;\" href=\"https:\/\/fum.is\/wp-content\/uploads\/2017\/03\/Fundager\u00f0-a\u00f0alfundar-FUM-2017.pdf\" target=\"_blank\" rel=\"noopener\">A\u00f0alfundur 13 mars &#8211; sk\u00fdrsla stj\u00f3rnar \u00ed vi\u00f0hengi<br \/>\n<\/a><a href=\"https:\/\/fum.is\/wp-content\/uploads\/2017\/03\/FUM-fundarger\u00f0-9.-mars-2017.pdf\" target=\"_blank\" rel=\"noopener\">Stj\u00f3rnarfundur 9. mars<\/a><\/p>\n<p><a href=\"https:\/\/fum.is\/wp-content\/uploads\/2017\/03\/FUM-fundarger\u00f0-9.-mars-2017.pdf\" target=\"_blank\" rel=\"noopener\"><strong>2016<\/strong><\/a><\/p>\n<p><a href=\"https:\/\/fum.is\/wp-content\/uploads\/2017\/03\/FUM-fundarger\u00f0-15.-n\u00f3v-2016.pdf\">Stj\u00f3rnarfundur 15. n\u00f3vember<\/a><\/p>\n<p><a href=\"https:\/\/fum.is\/wp-content\/uploads\/2017\/03\/FUM-fundarger\u00f0-30.-mars.-2016.pdf\">Stj\u00f3rnarfundur 30. mars<\/a><\/p>\n<p><a title=\"A\u00f0alfundur 2016\" href=\"https:\/\/fum.is\/wp-content\/uploads\/2016\/03\/A\u00f0alfundur-FUM-14.-mars-2016.pdf\">A\u00f0alfundur FUM 14. mars <\/a><\/p>\n<p><a title=\"Stj\u00f3rnarfundur 3.feb\" href=\"https:\/\/fum.is\/wp-content\/uploads\/2016\/03\/Fundarger\u00f0-3.-feb.-2016.pdf\">Stj\u00f3rnarfundur 3. febr\u00faar<\/a><\/p>\n<p><strong>2015<\/strong><\/p>\n<p><a href=\"https:\/\/fum.is\/wp-admin\/media.php?attachment_id=1256&amp;action=edit\">Stj\u00f3rnarfundur 14. desember 2015<\/a><\/p>\n<p><a href=\"https:\/\/fum.is\/wp-content\/uploads\/2010\/11\/Fundarger\u00f0-4.-n\u00f3v-2015b-2.pdf\">Stj\u00f3rnarfundur 4. n\u00f3vember 2015<\/a><\/p>\n<p><a href=\"https:\/\/fum.is\/wp-content\/uploads\/2010\/11\/Fundarger\u00f0-19.-\u00e1g\u00fast-2015lagf\u00e6rt.pdf\">Stj\u00f3rnarfundur 19. \u00e1g\u00fast 2015<\/a><\/p>\n<p><a href=\"https:\/\/fum.is\/wp-content\/uploads\/2010\/11\/Stj\u00f3rnarfundur-1.-j\u00fan\u00ed-20151.pdf\">Stj\u00f3rnarfundur 1. j\u00fan\u00ed 2015<\/a><\/p>\n<p><a href=\"https:\/\/fum.is\/wp-content\/uploads\/2010\/11\/Stj\u00f3rnarfundur-24.-mars-2015.1.pdf\">Stj\u00f3rnarfundur 24. mars, 2015.<\/a><\/p>\n<p><a title=\"A\u00f0alfundur FUM 2015\" href=\"https:\/\/fum.is\/wp-content\/uploads\/2016\/03\/A\u00f0alfundur-Fum-2O.-MARS-2015-lei\u00f0r\u00e9tt-4.pdf\">A\u00f0alfundur FUM 20. mars 2015<\/a><\/p>\n<p><strong>2011<\/strong><\/p>\n<div>\n<p><a href=\"https:\/\/fum.is\/wp-content\/uploads\/2011\/12\/4.oktober.pdf\">4. okt\u00f3ber 2011<\/a><\/p>\n<p><a href=\"https:\/\/fum.is\/wp-content\/uploads\/2011\/12\/6.september.pdf\">6. september 2011<\/a><\/p>\n<p><a href=\"https:\/\/fum.is\/wp-content\/uploads\/2011\/12\/28.juni_.pdf\">28. j\u00fan\u00ed 2011<\/a><\/p>\n<p><a href=\"https:\/\/fum.is\/?cat=15\"><strong>ELDRI FUNDARGER\u00d0IR<\/strong><\/a><\/p>\n<\/div>\n","protected":false},"excerpt":{"rendered":"<p>H\u00e9r eru fundarger\u00f0ir f\u00e9lagsins birtar. \u00de\u00e6r n\u00fdjust \u00e1 \u00feessari s\u00ed\u00f0u en eldri fundarger\u00f0ir eru flokka\u00f0ar ni\u00f0ur eftir \u00e1rum. \u00de\u00e6r finnast undir kr\u00e6kjunni\u00a0FUM | fundarger\u00f0ir | \u00e1rtal \u00a0h\u00e9r a\u00f0 ofan. 2025-2026 A\u00f0alfundur 16. mars 2026 2022-2024 A\u00f0alfundur 4. apr\u00edl 2024 Fundur stj\u00f3rnar 12. desember 2023 Fundur stj\u00f3rnar 12. september 2023 Fundur stj\u00f3rnar 10. febr\u00faar 2023 Fundur [&hellip;]<\/p>\n","protected":false},"author":1,"featured_media":0,"parent":624,"menu_order":7,"comment_status":"closed","ping_status":"closed","template":"","meta":{"footnotes":""},"categories":[],"tags":[],"class_list":["post-267","page","type-page","status-publish","hentry"],"_links":{"self":[{"href":"https:\/\/fum.is\/index.php?rest_route=\/wp\/v2\/pages\/267","targetHints":{"allow":["GET"]}}],"collection":[{"href":"https:\/\/fum.is\/index.php?rest_route=\/wp\/v2\/pages"}],"about":[{"href":"https:\/\/fum.is\/index.php?rest_route=\/wp\/v2\/types\/page"}],"author":[{"embeddable":true,"href":"https:\/\/fum.is\/index.php?rest_route=\/wp\/v2\/users\/1"}],"replies":[{"embeddable":true,"href":"https:\/\/fum.is\/index.php?rest_route=%2Fwp%2Fv2%2Fcomments&post=267"}],"version-history":[{"count":61,"href":"https:\/\/fum.is\/index.php?rest_route=\/wp\/v2\/pages\/267\/revisions"}],"predecessor-version":[{"id":1704,"href":"https:\/\/fum.is\/index.php?rest_route=\/wp\/v2\/pages\/267\/revisions\/1704"}],"up":[{"embeddable":true,"href":"https:\/\/fum.is\/index.php?rest_route=\/wp\/v2\/pages\/624"}],"wp:attachment":[{"href":"https:\/\/fum.is\/index.php?rest_route=%2Fwp%2Fv2%2Fmedia&parent=267"}],"wp:term":[{"taxonomy":"category","embeddable":true,"href":"https:\/\/fum.is\/index.php?rest_route=%2Fwp%2Fv2%2Fcategories&post=267"},{"taxonomy":"post_tag","embeddable":true,"href":"https:\/\/fum.is\/index.php?rest_route=%2Fwp%2Fv2%2Ftags&post=267"}],"curies":[{"name":"wp","href":"https:\/\/api.w.org\/{rel}","templated":true}]}}